{"id":347,"date":"2020-07-09T12:08:52","date_gmt":"2020-07-09T17:08:52","guid":{"rendered":"http:\/\/localhost\/crtmv3\/?page_id=347"},"modified":"2020-12-11T14:48:21","modified_gmt":"2020-12-11T19:48:21","slug":"investigacion-y-desarrollo-en-el-sector-aeronautico-del-valle-del-cauca","status":"publish","type":"page","link":"https:\/\/www.crtmdelpacifico.org\/cvac\/investigacion-y-desarrollo-en-el-sector-aeronautico-del-valle-del-cauca\/","title":{"rendered":"Investigaci\u00f3n y Desarrollo en el Sector Aeron\u00e1utico del Valle del Cauca."},"content":{"rendered":"\n<h2 class=\"wp-block-heading\">Diplomados GRATIS para incrementar las capacidades cient\u00edfico tecnol\u00f3gico en el sector aeron\u00e1utico en el Departamento del Valle del Cauca<\/h2>\n\n\n\n<img decoding=\"async\" src=\"..\/fotos\/Academia.jpg\" class=\"d-block mx-auto\">\n\n\n\n<p>La Academia de Aviaci\u00f3n Internacional S.A.S le invita a participar en el Proyecto Investigaci\u00f3n y Desarrollo en el Sector Aeron\u00e1utico del Valle del Cauca, que cuenta con la cooperaci\u00f3n de la Gobernaci\u00f3n del Valle del Cauca, la Corporaci\u00f3n Centro Red Tecnol\u00f3gico Metalmec\u00e1nico del Pac\u00edfico o CRTM \/ Cl\u00faster Aeroespacial del Valle, la Fundaci\u00f3n Universidad del Valle y Octopus Force.<\/p>\n\n\n\n<p>Este Proyecto tiene como objetivo incrementar las capacidades cient\u00edfico tecnol\u00f3gico en el sector aeron\u00e1utico en el Departamento del Valle del Cauca, para lo cual se dispondr\u00e1n cinco (5) diplomados y Un (1) Congreso Internacional los cuales se dictar\u00f3n en nuestra sede de la Calle 23 AN Norte # 2 N ? 107 durante este a?o 2020:<\/p>\n\n\n\n<p>Diplomado 1: Normas T\u00e9cnicas RAC26, FAR 23 y JAR en la fabricaci\u00f3n de aviones ultralivianos.<\/p>\n\n\n\n<p>Diplomado 2: Normas AS 9100, 9110 ? 9120.<br><br>Diplomado 3: Seguridad operacional RAC 219 y normas internacionales asociadas a empresas de mantenimiento y fabricaci\u00f3n de partes en la industria aeron\u00e1utica.<br><br>Diplomado 4: Investigaci\u00f3n y teor\u00eda de dise\u00f1o y aplicaci\u00f3n al dise\u00f1o estructural de aeronaves livianas, din?micas y control de vuelo y sistemas de propulsi\u00f3n de veh\u00edculos.<br><br>Diplomado 5: Investigaci\u00f3n en el sector aeron\u00e1utico.<\/p>\n\n\n\n<p>Congreso Internacional<\/p>\n\n\n\n<p><br>Costo de la Participaci\u00f3n: Gratuita<\/p>\n\n\n\n<p><br>Hemos dado apertura formal a las inscripciones para participar en los diplomados y el Congreso Internacional para los cuales les hemos otorgado Dos (2) cupos a su empresa. En el siguiente link puede encontrar toda la informaci\u00f3n de los diplomados junto con sus fechas de inscripci\u00f3n, las ofrecidas.<\/p>\n\n\n\n<p><a href=\"http:\/\/www.academiadeaviacion.com\/diplomados\/\">requisitos y condiciones <\/a><\/p>\n\n\n\n<p><br>Para m\u00e1s informaci\u00f3n y procesos de incripci\u00f3n comunicarse al tel\u00e9fono 3234606565 y el correo lvallejo638@gmail.com<\/p>\n\n\n\n<h2 class=\"wp-block-heading\">INICIA PROYECTO DE FORTALECIMIENTO DEL SECTOR AERON\u00c1UTICO DEL VALLE DEL CAUCA CON RECURSOS DEL SGR DE CTeI. El CRTM del Pacifico y el Cl\u00faster Aeroespacial del Valle del Cauca, por el fortalecimiento del sector aeron\u00e1utico.<\/h2>\n\n\n\n<img decoding=\"async\" src=\"..\/fotos\/CVAV001.jpg\">\n\n\n\n<p>El pasado mes de enero de 2020, se iniciaron las actividades correspondientes al desarrollo del proyecto. Mediante la integraci\u00f3n de capacidades de la Fundaci\u00f3n Universidad del Valle, La Academia Internacional de Aviaci\u00f3n, el Centro de Desarrollo Tecnol\u00f3gico Metalmec\u00e1nico &#8211; CRTM del Pacifico y dos grupos de Investigaci\u00f3n de la Universidad del Valle y empresas pertenecientes al Cl\u00faster Aeroespacial del Valle del Cauca &#8211; CVAC.<\/p>\n\n\n\n<p>Se adelantar\u00f3n actividades encaminadas a obtener:<br><br>1. Una Organizaci\u00f3n de Dise\u00f1o Aeron\u00e1utico.<br><br>2. Un Prototipo de Aeronave categor\u00eda LSA, construida bajo normatividad nacional e internacional.<br><br>3. Calificar el recurso humano de las empresas asociadas al sector aeron\u00e1utico mediante 5 diplomados.<br><br>4. Realizar una investigaci\u00f3n del sector aeron\u00e1utico y definir posibles escenarios futuros para el desarrollo en el departamento.<br><br>5. Un congreso Internacional para el sector aeron\u00e1utico.<br><br>Si usted o su empresa est\u00e1n interesados en hacer parte del sector Aeron\u00e1utico del Valle del Cauca, conocer mas del proyecto y beneficiarse de las actividades que se adelantar\u00e1n en el marco del proyecto, por favor diligencie el siguiente formulario.<br><\/p>\n\n\n\n<p><a href=\"https:\/\/docs.google.com\/forms\/d\/e\/1FAIpQLSeMxhiCdxJg_BW7175sFjS5iBXcKken3QndJHKTz_kCnD469Q\/viewform\">click aqu? para diligenciar el formulario.<\/a><br><br> Gracias.<\/p>\n\n\n\n<p>Noticias Relacionadas<\/p>\n\n\n\n<p><a href=\"index.php?p=319\">Investigaci?n y Desarrollo en el Sector Aeron?utico del Valle del Cauca. <\/a><br>\u00a0\u00a0\u00a0<br><a href=\"http:\/\/localhost\/tecnometalurgica\/noticia.php3?nt=292\">RECURSOS DE REGALIAS DE CTeI DEL VALLE DEL CAUCA PARA EL CLUSTER AEROESPACIAL DEL VALLE.<\/a> <br><br>\u00a0\u00a0<a href=\"http:\/\/crtmv3\/index.php?p=301\">\u00a0\u00a0EL CL?STER AERO-ESPACIAL DEL VALLE DEL CAUCA FIRMA IMPORTANTE CONVENIO CON EL MINISTERIO DE DEFENSA Y LA FUERZA AEREA COLOMBIANA <\/a><\/p>\n\n\n\n<h2 class=\"wp-block-heading\">PROYECTOS Y PROGRAMAS EN EJECUCION<\/h2>\n\n\n\n<p>Actualmente el Cl\u00faster Trabaja en:<\/p>\n\n\n\n<p>por: CERCH<\/p>\n\n\n\n<p>1. Apertura Mercado FAC, apertura mercado Aviaci\u00f3n de Estado, apertura mercados defensa internacionales.<br><br> 2.Posicionamiento, fortalecimiento y apertura mercado aeroespacial civil nacional e internacional. <br><br>3.Alianza Socio(s) Estrat\u00e9gico(s) Internacional(es) <br><br>4.Gesti\u00f3n condiciones fortalezcan CVAC (Fiscales, Normatividad, Educaci\u00f3n, Tecnol\u00f3gicas, Promoci\u00f3n, Financiaci\u00f3n, Infraestructura, Desarrollo Social) <br><br>5. Dise\u00f1o y construcci\u00f3n del prototipo de Aeronave de fumigaci\u00f3n <br><br>6. Localizaci\u00f3n productos, servicios, piezas y partes mercado FAC y Aviaci\u00f3n Estado <br><br>7. Apuestas de valor para programas de transformaci\u00f3n productiva (apoyar a Min Comercio, para que el sector aeroespacial se convierta en un sector de clase Mundial)<\/p>\n\n\n\n<p><a href=\"..\/media\/PartesT90-1.pdf\">Vea archivo aqui<\/a> <br><br><a href=\"..\/media\/PartesT90-1.pdf\">Informaci\u00f3n Exclusiva empresas del CVAC Presentaci\u00f3n Donaci\u00f3n <\/a><br><br><a href=\"..\/media\/NormaDonacion2016.pdf\">Normatividad Donaciones 2016 <\/a><br><br><a href=\"..\/media\/mgaproyecto.pdf\">Presentaci\u00f3n Proyecto Regal\u00edas mayo 2019<\/a> <\/p>\n\n\n\n<h2 class=\"wp-block-heading\">RECURSOS DE REGALIAS DE CTeI DEL VALLE DEL CAUCA PARA EL CLUSTER AEROESPACIAL DEL VALLE.<\/h2>\n\n\n\n<p>Nuevo impulso al Sector Aeron?utico del Valle Cauca da la doctora Dalian Francisca Toro, gobernadora del Valle<\/p>\n\n\n\n<p>por: CERCH <\/p>\n\n\n\n<img decoding=\"async\" src=\"..\/fotos\/Regalias.jpg\">\n\n\n\n<p>En el OCAD de Ciencia, Tecnolog\u00eda e Innovaci\u00f3n realizado el pasado mes de mayo, fue aprobado para el Valle del Cauca el proyecto titulado &#8220;INVESTIGACI\u00d3N Y DESARROLLO EN EL SECTOR AERON\u00c1UTICO DEL VALLE DEL CAUCA&#8221;. Este proyecto ser\u00e1 ejecutado por el CVAC y el Centro de Desarrollo Tecnol\u00f3gico Metalmec\u00e1nico del Pacifico &#8211; CRTM del Pacifico. Estos recursos llegan al sector por el decidido apoyo e inigualable gesti\u00f3n de la gobernadora del Valle del Cauca y su equipo de trabajo de Regal\u00edas.<br><br> El proyecto inicia ejecuci\u00f3n en el pr\u00f3ximo mes de agosto y tendr\u00e1 una duraci\u00f3n de 12 meses. Cuenta con la participaci\u00f3n de 11 empresas del sector, entre ellas 2 fabricantes de aeronaves ultraligeras del Valle del Cauca.<\/p>\n\n\n\n<h2 class=\"wp-block-heading\">SE INICIA EL PROCESO DE FORTALECIMIENTO DE LAS CAPACIDADES DE INNOVACI\u00d3N DE LAS EMPRESAS DEL CL\u00daSTER AEROESPACIAL DEL VALLE DEL CAUCA EVALUACI\u00d3N DE LAS CAPACIDADES DE INNOVACI\u00d3N DE LAS EMPRESAS DEL CL\u00daSTER AEROESPACIAL DEL VALLE DEL CAUCA QUE PERMITA LA IDENTIFICACI\u00d3N DE LOS FACTORES CLAVES DE \u00c9XITO<\/h2>\n\n\n\n<p>por: CERCH.<\/p>\n\n\n\n<p>En Alianza entre la Escuela Militar de Aviaci\u00f3n a trav\u00e9s del programa de Administraci\u00f3n Aeron\u00e1utica y el Cl\u00faster Aeroespacial del Valle del Cauca, se est\u00e1n desarrollando investigaciones sobre el desarrollo del Cl\u00faster Aeroespacial del Valle del Cauca con el fin de analizar sus capacidades para ello se est\u00e1 realizando el trabajo titulado &#8220;EVALUACI\u00d3N DE LAS CAPACIDADES DE INNOVACI\u00d3N DE LAS EMPRESAS DEL CL\u00daSTER AEROESPACIAL DEL VALLE DEL CAUCA QUE PERMITA LA IDENTIFICACI\u00d3N DE LOS FACTORES CLAVES DE \u00c9XITO&#8221;, proyecto liderado por el docente Diego Fernando Morante Granobles.<br><br>De acuerdo a lo anterior queremos que usted participe en este proyecto respondiendo el siguiente cuestionario el cual es de entera confidencialidad y una vez concluido los resultados le ser\u00e1n socializados.<\/p>\n\n\n\n<p>click aqu\u00ed para dar sus respuestas y apoyar este proceso, <a href=\"http:\/\/N.https:\/\/docs.google.com\/forms\/d\/e\/1FAIpQLScY5q2DVwabXZ_jEmxA-8J9TWp2CBqJAIfvwh80HuQbW856Sg\/viewform?c=0&amp;w=1 click aqu?\">CAPACIDADES DE INNOVACI\u00d3N<\/a><br><br>para dar sus respuestas y apoyar este proceso, <a href=\"http:\/\/GICA.https:\/\/docs.google.com\/forms\/d\/e\/1FAIpQLSfsfJuNDx9baJdg4knbWEQ5sXvZ1DH2rsJXX1zb6jZwJhS9ug\/closedform click aqu\u00cd\">CAPACIDADES DE GESTI\u00d3N TECNOL\u00d3GICA<br><\/a><br>para dar sus respuestas y apoyar este proceso, <a href=\"https:\/\/docs.google.com\/forms\/d\/e\/1FAIpQLSdBdBm89UC69smmaRLx8-NmFmcCqO396cpnty2oA6_d4b3a9A\/viewform?c=0&amp;w=1\">CAPACIDADES DE GESTI\u00d3N COMPETITIVA.<\/a><\/p>\n\n\n\n<p>Agradecemos su tiempo y aporte.<br><br>ATT: <br>CARLOS E RIOS <br>Director CRTM del Pac\u00edfico.<br><br>DIEGO MORANTES   <br>Escuela Militar de Aviaci\u00f3n.<\/p>\n\n\n\n<h2 class=\"wp-block-heading\">EL CL\u00daSTER AERO-ESPACIAL DEL VALLE DEL CAUCA FIRMA IMPORTANTE CONVENIO CON EL MINISTERIO DE DEFENSA Y LA FUERZA A\u00c9REA COLOMBIANA<\/h2>\n\n\n\n<p>Se Fabricaron Aeronaves Ultraligeras Certificadas y Partes para Aeronaves del Estado.<\/p>\n\n\n\n<p>por: CERCH<br><\/p>\n\n\n\n<img decoding=\"async\" src=\"..\/fotos\/GrupoFirma.jpg\">\n\n\n\n<p>El pasado martes 30 de agosto se firmo el acta de entrega del convenio suscrito entre el CRTM del Pac\u00edfico, representante del Cl\u00faster Aeroespacial del Valle del Cauca, a este solemne acto realizado en la Escuela Militar de Aviaci\u00f3n asistieron entre otras personalidades: El Brigadier General de Aire Fernando Le\u00f3n Losada Montoya, jefe de educaci\u00f3n aeron\u00e1utica de la FAC; El Brigadier General de Aire Sergio Garz\u00f3n V\u00e9lez, director de la Escuela Militar de Aviaci\u00f3n Marco Fidel Suarez; El Ingeniero Carlos Enrique R\u00edos Chaparro, director del Centro Red Tecnol\u00f3gico Metalmec\u00e1nico del Pac\u00edfico, Centro de Desarrollo Tecnol\u00f3gico para la Industria Metalmec\u00e1nica Nacional; Oficiales representantes de la secci\u00f3n de certificaci\u00f3n aeron\u00e1utica de la defensa, Secad; la doctora Martha Lucia Perlaza directora del Centro Nacional de Productividad; representantes de la Gobernaci\u00f3n del Valle del Cauca, de la alcald\u00eda de Cali y los Gerentes de las empresas Socias del cl\u00faster, Juan Fernando Saray, Javier Francisco Ferrer, Fredy Morcillo, Esmeralda Molina, Adriana Gonzalez, Alberto Caldas, Jefferson Tejada, entre otros.<\/p>\n\n\n\n<p>Este acuerdo permitir darle un nuevo impulso al Cl\u00faster Aeroespacial del Valle del Cauca, que viene levantando vuelo desde el a\u00f1o 2006, como una iniciativa regional y mas firmemente desde el 2012, con vinculaci\u00f3n de las empresas al CRTM del Pacific\u00f3.<\/p>\n\n\n\n<p>El Cl\u00faster del Valle del Cauca se encuentra trabajando para consolidar el proyecto para fabricar Aeronaves Ultraligeras certificadas, por la Fuerza A\u00e9rea y la Aerocivil, para atender el mercado del continente americano.<\/p>\n\n\n\n<p>Las empresas del Valle del Cauca que tengan la capacidad t\u00e9cnica y que quieran vincularse a esta iniciativa son bienvenidas, solo deben ponerse en contacto con el CRTM del Pacif\u00edco y solicitar informaci\u00f3n para asociarse al Cl\u00faster, deber\u00e1n pasar unas evaluaciones y cumplir algunos requisitos para acceder.<\/p>\n\n\n\n<p><a href=\"..\/media\/NotiFirmaFAC.pdf\">Lea Noticia el Pa?s de Cali, Agosto 30 de 2016<\/a><br><br><a href=\"..\/media\/ConvioFAC%202016.pdf\">Convenio CRTMDP &#8211; FAC<\/a><\/p>\n","protected":false},"excerpt":{"rendered":"<p>Diplomados GRATIS para incrementar las capacidades cient\u00edfico tecnol\u00f3gico en el sector aeron\u00e1utico en el Departamento del Valle del Cauca<\/p>\n<p><img decoding=\"async\" src=\"..\/fotos\/Academia.jpg\" class=\"d-block mx-auto\"><\/p>\n<p>La Academia de Aviaci\u00f3n Internacional S.A.S le invita a participar en el Proyecto Investigaci\u00f3n y Desarrollo en el Sector Aeron\u00e1utico del Valle del Cauca, que cuenta con la cooperaci\u00f3n de la Gobernaci\u00f3n del Valle del Cauca, la Corporaci\u00f3n Centro Red Tecnol\u00f3gico Metalmec\u00e1nico del Pac\u00edfico o CRTM \/ Cl\u00faster Aeroespacial del Valle, la Fundaci\u00f3n Universidad del Valle y Octopus [&#8230;]<\/p>\n","protected":false},"author":1,"featured_media":0,"parent":0,"menu_order":0,"comment_status":"closed","ping_status":"closed","template":"","meta":{"footnotes":""},"class_list":["post-347","page","type-page","status-publish","hentry"],"_links":{"self":[{"href":"https:\/\/www.crtmdelpacifico.org\/cvac\/wp-json\/wp\/v2\/pages\/347","targetHints":{"allow":["GET"]}}],"collection":[{"href":"https:\/\/www.crtmdelpacifico.org\/cvac\/wp-json\/wp\/v2\/pages"}],"about":[{"href":"https:\/\/www.crtmdelpacifico.org\/cvac\/wp-json\/wp\/v2\/types\/page"}],"author":[{"embeddable":true,"href":"https:\/\/www.crtmdelpacifico.org\/cvac\/wp-json\/wp\/v2\/users\/1"}],"replies":[{"embeddable":true,"href":"https:\/\/www.crtmdelpacifico.org\/cvac\/wp-json\/wp\/v2\/comments?post=347"}],"version-history":[{"count":4,"href":"https:\/\/www.crtmdelpacifico.org\/cvac\/wp-json\/wp\/v2\/pages\/347\/revisions"}],"predecessor-version":[{"id":648,"href":"https:\/\/www.crtmdelpacifico.org\/cvac\/wp-json\/wp\/v2\/pages\/347\/revisions\/648"}],"wp:attachment":[{"href":"https:\/\/www.crtmdelpacifico.org\/cvac\/wp-json\/wp\/v2\/media?parent=347"}],"curies":[{"name":"wp","href":"https:\/\/api.w.org\/{rel}","templated":true}]}}